{"id":1168,"date":"2011-04-06T18:48:57","date_gmt":"2011-04-06T17:48:57","guid":{"rendered":"http:\/\/www.mcmotylek.cz\/index.php\/?page_id=1168"},"modified":"2011-04-06T18:50:32","modified_gmt":"2011-04-06T17:50:32","slug":"2011-2","status":"publish","type":"page","link":"http:\/\/www.mcmotylek.cz\/?page_id=1168","title":{"rendered":"2011"},"content":{"rendered":"<ul class=\"ngg-breadcrumbs\">\n    <\/ul>\n<div class=\"ngg-albumoverview\">\t\n\t<!-- List of galleries -->\n\t\n\t<div class=\"ngg-album\">\n\t\t<div class=\"ngg-albumtitle\"><a href=\"http:\/\/www.mcmotylek.cz\/index.php\/nggallery\/2011-2\/2011-12-21-vanocni-setkani?page_id=1168\">2011-12-21 V\u00e1no\u010dn\u00ed setk\u00e1n\u00ed<\/a><\/div>\n\t\t\t<div class=\"ngg-albumcontent\">\n\t\t\t\t<div class=\"ngg-thumbnail\">\n\t\t\t\t\t<a href=\"http:\/\/www.mcmotylek.cz\/index.php\/nggallery\/2011-2\/2011-12-21-vanocni-setkani?page_id=1168\"><img class=\"Thumb\" alt=\"2011-12-21 V\u00e1no\u010dn\u00ed setk\u00e1n\u00ed\" src=\"http:\/\/www.mcmotylek.cz\/wp-content\/gallery\/2011-12-21-vanocni-setkani_1\/cache\/image002.jpg-nggid041071-ngg0dyn-240x160x100-00f0w010c011r110f110r010t010.jpg\"\/><\/a>\n\t\t\t\t<\/div>\n\t\t\t\t<div class=\"ngg-description\">\n\t\t\t\t<p>V\u00e1no\u010dn\u00ed setk\u00e1n\u00ed p\u0159\u00e1tel MC Mot\u00fdlek se zdoben\u00edm  pern\u00ed\u010dk\u016f a v\u00e1no\u010dn\u00edmi zvyky<\/p>\n\t\t\t\t\t\t\t\t<p class=\"ngg-album-gallery-image-counter\"><strong>21<\/strong>&nbsp;Fotky<\/p>\n\t\t\t\t\t\t\t<\/div>\n\t\t<\/div>\n\t<\/div>\n\n \t\n\t<div class=\"ngg-album\">\n\t\t<div class=\"ngg-albumtitle\"><a href=\"http:\/\/www.mcmotylek.cz\/index.php\/nggallery\/2011-2\/2011-11-11-sikulove-a-tvorikove?page_id=1168\">2011-11-11 \u0160ikulov\u00e9 a Tvo\u0159\u00edkov\u00e9<\/a><\/div>\n\t\t\t<div class=\"ngg-albumcontent\">\n\t\t\t\t<div class=\"ngg-thumbnail\">\n\t\t\t\t\t<a href=\"http:\/\/www.mcmotylek.cz\/index.php\/nggallery\/2011-2\/2011-11-11-sikulove-a-tvorikove?page_id=1168\"><img class=\"Thumb\" alt=\"2011-11-11 \u0160ikulov\u00e9 a Tvo\u0159\u00edkov\u00e9\" src=\"http:\/\/www.mcmotylek.cz\/wp-content\/gallery\/2011-11-11-sikulove-a-tvorikove\/cache\/image002.jpg-nggid041022-ngg0dyn-240x160x100-00f0w010c011r110f110r010t010.jpg\"\/><\/a>\n\t\t\t\t<\/div>\n\t\t\t\t<div class=\"ngg-description\">\n\t\t\t\t<p>Z\u00e1b\u011bry z d\u00edlen \u0160ikul\u016f a Tvo\u0159\u00edk\u016f.<\/p>\n\t\t\t\t\t\t\t\t<p class=\"ngg-album-gallery-image-counter\"><strong>49<\/strong>&nbsp;Fotky<\/p>\n\t\t\t\t\t\t\t<\/div>\n\t\t<\/div>\n\t<\/div>\n\n \t\n\t<div class=\"ngg-album\">\n\t\t<div class=\"ngg-albumtitle\"><a href=\"http:\/\/www.mcmotylek.cz\/index.php\/nggallery\/2011-2\/2011-10-15-bazarek?page_id=1168\">2011-10-15 baz\u00e1rek<\/a><\/div>\n\t\t\t<div class=\"ngg-albumcontent\">\n\t\t\t\t<div class=\"ngg-thumbnail\">\n\t\t\t\t\t<a href=\"http:\/\/www.mcmotylek.cz\/index.php\/nggallery\/2011-2\/2011-10-15-bazarek?page_id=1168\"><img class=\"Thumb\" alt=\"2011-10-15 baz\u00e1rek\" src=\"http:\/\/www.mcmotylek.cz\/wp-content\/gallery\/2011-10-15-bazarek\/cache\/image004.jpg-nggid041002-ngg0dyn-240x160x100-00f0w010c011r110f110r010t010.jpg\"\/><\/a>\n\t\t\t\t<\/div>\n\t\t\t\t<div class=\"ngg-description\">\n\t\t\t\t<p><\/p>\n\t\t\t\t\t\t\t\t<p class=\"ngg-album-gallery-image-counter\"><strong>12<\/strong>&nbsp;Fotky<\/p>\n\t\t\t\t\t\t\t<\/div>\n\t\t<\/div>\n\t<\/div>\n\n \t\n\t<div class=\"ngg-album\">\n\t\t<div class=\"ngg-albumtitle\"><a href=\"http:\/\/www.mcmotylek.cz\/index.php\/nggallery\/2011-2\/2011-09-25-drakiada-2?page_id=1168\">2011-09-25 Draki\u00e1da<\/a><\/div>\n\t\t\t<div class=\"ngg-albumcontent\">\n\t\t\t\t<div class=\"ngg-thumbnail\">\n\t\t\t\t\t<a href=\"http:\/\/www.mcmotylek.cz\/index.php\/nggallery\/2011-2\/2011-09-25-drakiada-2?page_id=1168\"><img class=\"Thumb\" alt=\"2011-09-25 Draki\u00e1da\" src=\"http:\/\/www.mcmotylek.cz\/wp-content\/gallery\/2011-09-25-drakiada\/cache\/image013.jpg-nggid041020-ngg0dyn-240x160x100-00f0w010c011r110f110r010t010.jpg\"\/><\/a>\n\t\t\t\t<\/div>\n\t\t\t\t<div class=\"ngg-description\">\n\t\t\t\t<p>V ned\u011bli 25.9. prob\u011bhla d\u00edky spolupr\u00e1ci MC Mot\u00fdlek a Montessori centra na louce pod lesem Draki\u00e1da. P\u0159i b\u011bhu se p\u00e1r dr\u00e1\u010dk\u016f i navzdory slune\u010dn\u00e9mu bezv\u011bt\u0159\u00ed vzneslo, ov\u0161em vyrobit si dr\u00e1\u010dky, zasout\u011b\u017eit si a op\u00e9ci bu\u0159t\u00edky mohly v\u0161echny d\u011bti i se sv\u00fdmi rodi\u010di. Organiz\u00e1torky Lenka Molitorisov\u00e1 a Ad\u00e9la Svobodov\u00e1 se v\u0161ak domluvily, \u017ee se pokus\u00ed uspo\u0159\u00e1dat je\u0161t\u011b jednu draki\u00e1du, kde by draci d\u00edky v\u011btru l\u00e9tali p\u0159ece jen ochotn\u011bji.<\/p>\n\t\t\t\t\t\t\t\t<p class=\"ngg-album-gallery-image-counter\"><strong>9<\/strong>&nbsp;Fotky<\/p>\n\t\t\t\t\t\t\t<\/div>\n\t\t<\/div>\n\t<\/div>\n\n \t\n\t<div class=\"ngg-album\">\n\t\t<div class=\"ngg-albumtitle\"><a href=\"http:\/\/www.mcmotylek.cz\/index.php\/nggallery\/2011-2\/2011-06-19-pohadkovy-les-2?page_id=1168\">2011-06-19 Poh\u00e1dkov\u00fd les<\/a><\/div>\n\t\t\t<div class=\"ngg-albumcontent\">\n\t\t\t\t<div class=\"ngg-thumbnail\">\n\t\t\t\t\t<a href=\"http:\/\/www.mcmotylek.cz\/index.php\/nggallery\/2011-2\/2011-06-19-pohadkovy-les-2?page_id=1168\"><img class=\"Thumb\" alt=\"2011-06-19 Poh\u00e1dkov\u00fd les\" src=\"http:\/\/www.mcmotylek.cz\/wp-content\/gallery\/2011-06-19-pohadkovy-les\/cache\/image001_0.jpg-nggid03998-ngg0dyn-240x160x100-00f0w010c011r110f110r010t010.jpg\"\/><\/a>\n\t\t\t\t<\/div>\n\t\t\t\t<div class=\"ngg-description\">\n\t\t\t\t<p>V ned\u011bli 19.\u010dervna se d\u00edky MC Mot\u00fdlek a skautsk\u00e9mu odd\u00edlu Tysan prom\u011bnil les v T\u00fdnci nad S\u00e1zavou v poh\u00e1dkov\u00fd. D\u011bti proch\u00e1zely po f\u00e1bork\u00e1ch trasu, kde potk\u00e1valy poh\u00e1dkov\u00e9 bytosti, plnily \u00fakoly a sb\u00edraly raz\u00edtka, za kter\u00e9 na n\u011b na konci \u010dekala sladk\u00e1 odm\u011bna. <\/p>\n\t\t\t\t\t\t\t\t<p class=\"ngg-album-gallery-image-counter\"><strong>10<\/strong>&nbsp;Fotky<\/p>\n\t\t\t\t\t\t\t<\/div>\n\t\t<\/div>\n\t<\/div>\n\n \t\n\t<div class=\"ngg-album\">\n\t\t<div class=\"ngg-albumtitle\"><a href=\"http:\/\/www.mcmotylek.cz\/index.php\/nggallery\/2011-2\/2011-06-16-pisnickovy-porad-pani-hamajdove-2?page_id=1168\">2011-06-16 P\u00edsni\u010dkov\u00fd po\u0159ad pan\u00ed Hamajdov\u00e9<\/a><\/div>\n\t\t\t<div class=\"ngg-albumcontent\">\n\t\t\t\t<div class=\"ngg-thumbnail\">\n\t\t\t\t\t<a href=\"http:\/\/www.mcmotylek.cz\/index.php\/nggallery\/2011-2\/2011-06-16-pisnickovy-porad-pani-hamajdove-2?page_id=1168\"><img class=\"Thumb\" alt=\"2011-06-16 P\u00edsni\u010dkov\u00fd po\u0159ad pan\u00ed Hamajdov\u00e9\" src=\"http:\/\/www.mcmotylek.cz\/wp-content\/gallery\/2011-06-16-pisnickovy-porad-pani-hamajdove\/cache\/image001.jpg-nggid03953-ngg0dyn-240x160x100-00f0w010c011r110f110r010t010.jpg\"\/><\/a>\n\t\t\t\t<\/div>\n\t\t\t\t<div class=\"ngg-description\">\n\t\t\t\t<p>Montessori centrum po\u0159\u00e1dalo ji\u017e t\u0159et\u00ed p\u00edsni\u010dkov\u00fd po\u0159ad pan\u00ed Hamajdov\u00e9 , tentokr\u00e1te Cestov\u00e1n\u00ed s n\u00e1mo\u0159n\u00edkem Bo\u0159\u00edkem.<\/p>\n\t\t\t\t\t\t\t\t<p class=\"ngg-album-gallery-image-counter\"><strong>12<\/strong>&nbsp;Fotky<\/p>\n\t\t\t\t\t\t\t<\/div>\n\t\t<\/div>\n\t<\/div>\n\n \t\n\t<div class=\"ngg-album\">\n\t\t<div class=\"ngg-albumtitle\"><a href=\"http:\/\/www.mcmotylek.cz\/index.php\/nggallery\/2011-2\/2011-06-09-logopedie-vyvoj-reci-2?page_id=1168\">2011-06-09 logopedie V\u00fdvoj \u0159e\u010di<\/a><\/div>\n\t\t\t<div class=\"ngg-albumcontent\">\n\t\t\t\t<div class=\"ngg-thumbnail\">\n\t\t\t\t\t<a href=\"http:\/\/www.mcmotylek.cz\/index.php\/nggallery\/2011-2\/2011-06-09-logopedie-vyvoj-reci-2?page_id=1168\"><img class=\"Thumb\" alt=\"2011-06-09 logopedie V\u00fdvoj \u0159e\u010di\" src=\"http:\/\/www.mcmotylek.cz\/wp-content\/gallery\/2011-06-09-logopedie-vyvoj-reci\/cache\/image005.jpg-nggid03970-ngg0dyn-240x160x100-00f0w010c011r110f110r010t010.jpg\"\/><\/a>\n\t\t\t\t<\/div>\n\t\t\t\t<div class=\"ngg-description\">\n\t\t\t\t<p>Ve \u010dtvrtek 9.6. odpoledne jsme m\u011bli p\u0159\u00edle\u017eitost se dov\u011bd\u011bt v\u00edce o v\u00fdvoji \u0159e\u010di d\u00edky logopedce pan\u00ed Mgr.Michaele Vold\u0159ichov\u00e9 z Bene\u0161ova. P\u0159edn\u00e1\u0161ka byla nabit\u00e1 informacemi a velmi inspirativn\u00ed d\u00edky r\u016fzn\u00fdm hr\u00e1m, kter\u00e9 p\u0159ivezla a n\u00e1zorn\u011b p\u0159edvedla pan\u00ed logopedka s sebou. Rodi\u010de m\u011bli mo\u017enost konzultovat r\u016fzn\u00e9 konkr\u00e9tn\u00ed obt\u00ed\u017ee v \u0159e\u010di sv\u00fdch d\u011bt\u00ed  a p\u0159\u00edpadn\u011b si r\u016fzn\u00e9 rozvojov\u00e9 hry zakoupit. <\/p>\n\t\t\t\t\t\t\t\t<p class=\"ngg-album-gallery-image-counter\"><strong>5<\/strong>&nbsp;Fotky<\/p>\n\t\t\t\t\t\t\t<\/div>\n\t\t<\/div>\n\t<\/div>\n\n \t\n\t<div class=\"ngg-album\">\n\t\t<div class=\"ngg-albumtitle\"><a href=\"http:\/\/www.mcmotylek.cz\/index.php\/nggallery\/2011-2\/2011-06-08-happening-milujeme-tynecko-2?page_id=1168\">2011-06-08 happening Milujeme T\u00fdnecko<\/a><\/div>\n\t\t\t<div class=\"ngg-albumcontent\">\n\t\t\t\t<div class=\"ngg-thumbnail\">\n\t\t\t\t\t<a href=\"http:\/\/www.mcmotylek.cz\/index.php\/nggallery\/2011-2\/2011-06-08-happening-milujeme-tynecko-2?page_id=1168\"><img class=\"Thumb\" alt=\"2011-06-08 happening Milujeme T\u00fdnecko\" src=\"http:\/\/www.mcmotylek.cz\/wp-content\/gallery\/2011-06-08-happening-milujeme-tynecko\/cache\/image009.jpg-nggid03979-ngg0dyn-240x160x100-00f0w010c011r110f110r010t010.jpg\"\/><\/a>\n\t\t\t\t<\/div>\n\t\t\t\t<div class=\"ngg-description\">\n\t\t\t\t<p>D\u011bti z Montessori centra a Mate\u0159sk\u00e9ho centra Mot\u00fdlek p\u0159i\u0161ly ve st\u0159edu 8.\u010dervna odpoledne vyzdobit sv\u00fdmi kresbami ulici P\u011b\u0161\u00ed a podpo\u0159ili tak s rodi\u010di kampa\u0148 Milujeme T\u00fdnecko  ob\u010dansk\u00e9ho sdru\u017een\u00ed STEP o.s., jej\u00edm\u017e c\u00edlem je v\u00e9st ob\u010dany k v\u011bt\u0161\u00ed odpov\u011bdnosti a p\u00e9\u010di o m\u00edsto, v n\u011bm\u017e \u017eij\u00ed. Podporou akce vychov\u00e1v\u00e1me generaci, kter\u00e1 bude snad i d\u00edky podobn\u00fdm aktivit\u00e1m pova\u017eovat tyto hodnoty za samoz\u0159ejm\u00e9.<\/p>\n\t\t\t\t\t\t\t\t<p class=\"ngg-album-gallery-image-counter\"><strong>9<\/strong>&nbsp;Fotky<\/p>\n\t\t\t\t\t\t\t<\/div>\n\t\t<\/div>\n\t<\/div>\n\n \t\n\t<div class=\"ngg-album\">\n\t\t<div class=\"ngg-albumtitle\"><a href=\"http:\/\/www.mcmotylek.cz\/index.php\/nggallery\/2011-2\/2011-06-07-schuzka-hoevelaken-2?page_id=1168\">2011-06-07 sch\u016fzka Hoevelaken<\/a><\/div>\n\t\t\t<div class=\"ngg-albumcontent\">\n\t\t\t\t<div class=\"ngg-thumbnail\">\n\t\t\t\t\t<a href=\"http:\/\/www.mcmotylek.cz\/index.php\/nggallery\/2011-2\/2011-06-07-schuzka-hoevelaken-2?page_id=1168\"><img class=\"Thumb\" alt=\"2011-06-07 sch\u016fzka Hoevelaken\" src=\"http:\/\/www.mcmotylek.cz\/wp-content\/gallery\/2011-06-07-schuzka-hoevelaken\/cache\/image001.jpg-nggid03989-ngg0dyn-240x160x100-00f0w010c011r110f110r010t010.jpg\"\/><\/a>\n\t\t\t\t<\/div>\n\t\t\t\t<div class=\"ngg-description\">\n\t\t\t\t<p>V \u00fater\u00fd dne 7.6.2011 se v MC Mot\u00fdlek T\u00fdnec nad S\u00e1zavou se\u0161ly z\u00e1stupkyn\u011b MC Mot\u00fdlek spolu s holandsk\u00fdmi partnery z obce Hoevelaken pan\u00ed Christinou a Hermanem van de Biezen,  t\u00e9\u017e spolu s p\u0159edstaviteli M\u011bsta T\u00fdnec nad S\u00e1zavou panem starostou  Martinem Kadrno\u017ekou a pan\u00ed m\u00edstostarostkou  Adrianou Bursovou, aby spole\u010dn\u011b probrali situaci MC Mot\u00fdlek, ud\u00e1losti prob\u011bhl\u00e9, aktu\u00e1ln\u00ed i  pl\u00e1novan\u00e9. Pohovo\u0159ili spole\u010dn\u011b o d\u016fle\u017eitosti MC Mot\u00fdlek pro M\u011bsto T\u00fdnec  nad S\u00e1zavou, pro jeho \u0161irokou ve\u0159ejnost jako organizace, kter\u00e1 nab\u00edz\u00ed  m\u00edsto setk\u00e1n\u00ed pro rodi\u010de \u010di prarodi\u010de s d\u011btmi, r\u016fzn\u00e9 volno\u010dasov\u00e9 aktivity pravideln\u00e9 i mimo\u0159\u00e1dn\u00e9, mo\u017enosti dal\u0161\u00edho vzd\u011bl\u00e1v\u00e1n\u00ed dosp\u011bl\u00fdch p\u0159edev\u0161\u00edm v oblasti v\u00fdchovy d\u011bt\u00ed a v neposledn\u00ed \u0159ad\u011b spolupracuje i s dal\u0161\u00edmi m\u00edstn\u00edmi, region\u00e1ln\u00edmi i n\u00e1rodn\u00edmi organizacemi jako je nap\u0159. m\u00edstn\u00ed Z\u0160, Montessori centrum, STEP, MAS Pos\u00e1zav\u00ed, okoln\u00ed MC i S\u00ed\u0165 MC v \u010cR.<\/p>\n\t\t\t\t\t\t\t\t<p class=\"ngg-album-gallery-image-counter\"><strong>9<\/strong>&nbsp;Fotky<\/p>\n\t\t\t\t\t\t\t<\/div>\n\t\t<\/div>\n\t<\/div>\n\n \t\n\t<div class=\"ngg-album\">\n\t\t<div class=\"ngg-albumtitle\"><a href=\"http:\/\/www.mcmotylek.cz\/index.php\/nggallery\/2011-2\/2011-05-22-cyklovylet-2?page_id=1168\">2011-05-22 cyklov\u00fdlet<\/a><\/div>\n\t\t\t<div class=\"ngg-albumcontent\">\n\t\t\t\t<div class=\"ngg-thumbnail\">\n\t\t\t\t\t<a href=\"http:\/\/www.mcmotylek.cz\/index.php\/nggallery\/2011-2\/2011-05-22-cyklovylet-2?page_id=1168\"><img class=\"Thumb\" alt=\"2011-05-22 cyklov\u00fdlet\" src=\"http:\/\/www.mcmotylek.cz\/wp-content\/gallery\/2011-05-22-cyklovylet\/cache\/image001.jpg-nggid03947-ngg0dyn-240x160x100-00f0w010c011r110f110r010t010.jpg\"\/><\/a>\n\t\t\t\t<\/div>\n\t\t\t\t<div class=\"ngg-description\">\n\t\t\t\t<p>Posledn\u00ed kv\u011btnovou akc\u00ed byl cyklov\u00fdlet ze Zbo\u0159en\u00e9ho Kostelce do Nespek a zp\u011bt, s \u010detn\u00fdmi zast\u00e1vkami na hry, ob\u011bdem v restauraci a n\u00e1v\u0161t\u011bvou h\u0159i\u0161t\u011b a pouti v Nespek\u00e1ch. Op\u011bt se n\u00e1m vyda\u0159ilo kr\u00e1sn\u00e9 po\u010das\u00ed a 4 rodiny s d\u011btmi si u\u017eily p\u0159\u00edjemn\u00e9 odpoledne a v\u00edce se d\u00edky spole\u010dn\u00e9mu z\u00e1\u017eitku poznaly. <\/p>\n\t\t\t\t\t\t\t\t<p class=\"ngg-album-gallery-image-counter\"><strong>2<\/strong>&nbsp;Fotky<\/p>\n\t\t\t\t\t\t\t<\/div>\n\t\t<\/div>\n\t<\/div>\n\n \t\n\t<div class=\"ngg-album\">\n\t\t<div class=\"ngg-albumtitle\"><a href=\"http:\/\/www.mcmotylek.cz\/index.php\/nggallery\/2011-2\/2011-05-14-pohadkova-noc-2?page_id=1168\">2011-05-14 Poh\u00e1dkov\u00e1 noc<\/a><\/div>\n\t\t\t<div class=\"ngg-albumcontent\">\n\t\t\t\t<div class=\"ngg-thumbnail\">\n\t\t\t\t\t<a href=\"http:\/\/www.mcmotylek.cz\/index.php\/nggallery\/2011-2\/2011-05-14-pohadkova-noc-2?page_id=1168\"><img class=\"Thumb\" alt=\"2011-05-14 Poh\u00e1dkov\u00e1 noc\" src=\"http:\/\/www.mcmotylek.cz\/wp-content\/gallery\/2011-05-14-pohadkova-noc\/cache\/image009.jpg-nggid03924-ngg0dyn-240x160x100-00f0w010c011r110f110r010t010.jpg\"\/><\/a>\n\t\t\t\t<\/div>\n\t\t\t\t<div class=\"ngg-description\">\n\t\t\t\t<p>Pro velk\u00fd \u00fasp\u011bch bylo zopakov\u00e1no p\u0159esp\u00e1n\u00ed d\u011bt\u00ed v Mot\u00fdlku s n\u00e1zvem Poh\u00e1dkov\u00e1 noc II. D\u011bti za\u017eily dobrodru\u017estv\u00ed bez maminky, za to s kamar\u00e1dy!  D\u00e1le hry, tvo\u0159en\u00ed, zp\u00edv\u00e1n\u00ed, \u010dten\u00ed poh\u00e1dek, span\u00ed ve spac\u00e1c\u00edch, spole\u010dn\u00e1 ve\u010de\u0159e a sn\u00eddan\u011b.<\/p>\n\t\t\t\t\t\t\t\t<p class=\"ngg-album-gallery-image-counter\"><strong>20<\/strong>&nbsp;Fotky<\/p>\n\t\t\t\t\t\t\t<\/div>\n\t\t<\/div>\n\t<\/div>\n\n \t\n\t<div class=\"ngg-album\">\n\t\t<div class=\"ngg-albumtitle\"><a href=\"http:\/\/www.mcmotylek.cz\/index.php\/nggallery\/2011-2\/2011-05-07-uklid-hriste-2?page_id=1168\">2011-05-07 \u00faklid h\u0159i\u0161t\u011b<\/a><\/div>\n\t\t\t<div class=\"ngg-albumcontent\">\n\t\t\t\t<div class=\"ngg-thumbnail\">\n\t\t\t\t\t<a href=\"http:\/\/www.mcmotylek.cz\/index.php\/nggallery\/2011-2\/2011-05-07-uklid-hriste-2?page_id=1168\"><img class=\"Thumb\" alt=\"2011-05-07 \u00faklid h\u0159i\u0161t\u011b\" src=\"http:\/\/www.mcmotylek.cz\/wp-content\/gallery\/2011-05-07-uklid-hriste\/cache\/image004.jpg-nggid03938-ngg0dyn-240x160x100-00f0w010c011r110f110r010t010.jpg\"\/><\/a>\n\t\t\t\t<\/div>\n\t\t\t\t<div class=\"ngg-description\">\n\t\t\t\t<p>MC Mot\u00fdlek st\u00e1lo u zrodu d\u011btsk\u00e9ho h\u0159i\u0161t\u011b v T\u00fdnci nad S\u00e1zavou (vedle obchodn\u00edho domu NORI) a ka\u017edoro\u010dn\u011b se spolupod\u00edl\u00ed na jeho \u00fadr\u017eb\u011b. Nat\u00edral se plot a d\u0159evo a ukl\u00edzel se nepo\u0159\u00e1dek.<\/p>\n\t\t\t\t\t\t\t\t<p class=\"ngg-album-gallery-image-counter\"><strong>11<\/strong>&nbsp;Fotky<\/p>\n\t\t\t\t\t\t\t<\/div>\n\t\t<\/div>\n\t<\/div>\n\n \t\n\t<div class=\"ngg-album\">\n\t\t<div class=\"ngg-albumtitle\"><a href=\"http:\/\/www.mcmotylek.cz\/index.php\/nggallery\/2011-2\/2011-04-28-carodejnice?page_id=1168\">2011-04-28 \u010darodejnice<\/a><\/div>\n\t\t\t<div class=\"ngg-albumcontent\">\n\t\t\t\t<div class=\"ngg-thumbnail\">\n\t\t\t\t\t<a href=\"http:\/\/www.mcmotylek.cz\/index.php\/nggallery\/2011-2\/2011-04-28-carodejnice?page_id=1168\"><img class=\"Thumb\" alt=\"2011-04-28 \u010darodejnice\" src=\"http:\/\/www.mcmotylek.cz\/wp-content\/gallery\/2011-04-28-carodejnice\/cache\/image032.jpg-nggid03883-ngg0dyn-240x160x100-00f0w010c011r110f110r010t010.jpg\"\/><\/a>\n\t\t\t\t<\/div>\n\t\t\t\t<div class=\"ngg-description\">\n\t\t\t\t<p>\u010carodejnice po\u0159\u00e1dan\u00e9 po ro\u010dn\u00ed p\u0159est\u00e1vce 28.4.2011 dd 16 hodin V N\u00e1kl\u00ed, T\u00fdnec nad S\u00e1zavou.<\/p>\n\t\t\t\t\t\t\t\t<p class=\"ngg-album-gallery-image-counter\"><strong>42<\/strong>&nbsp;Fotky<\/p>\n\t\t\t\t\t\t\t<\/div>\n\t\t<\/div>\n\t<\/div>\n\n \t\n\t<div class=\"ngg-album\">\n\t\t<div class=\"ngg-albumtitle\"><a href=\"http:\/\/www.mcmotylek.cz\/index.php\/nggallery\/2011-2\/2011-04-22-cesta-za-pokladem-2?page_id=1168\">2011-04-22 cesta za pokladem<\/a><\/div>\n\t\t\t<div class=\"ngg-albumcontent\">\n\t\t\t\t<div class=\"ngg-thumbnail\">\n\t\t\t\t\t<a href=\"http:\/\/www.mcmotylek.cz\/index.php\/nggallery\/2011-2\/2011-04-22-cesta-za-pokladem-2?page_id=1168\"><img class=\"Thumb\" alt=\"2011-04-22 cesta za pokladem\" src=\"http:\/\/www.mcmotylek.cz\/wp-content\/gallery\/2011-04-22-cesta-za-pokladem\/cache\/image002.jpg-nggid03824-ngg0dyn-240x160x100-00f0w010c011r110f110r010t010.jpg\"\/><\/a>\n\t\t\t\t<\/div>\n\t\t\t\t<div class=\"ngg-description\">\n\t\t\t\t<p>Na Velk\u00fd p\u00e1tek se pr\u00fd otv\u00edraj\u00ed sk\u00e1ly a \u010dlov\u011bk tak m\u016f\u017ee v tento den naj\u00edt poklad. To v\u0161e a nejen to se mohly d\u011bti dozv\u011bd\u011bt b\u011bhem putov\u00e1n\u00ed ke sk\u00e1le pod Vl\u010d\u00ed rokl\u00ed. Po\u0159\u00e1d\u00e1no spole\u010dn\u011b s Montessori centrem.<\/p>\n\t\t\t\t\t\t\t\t<p class=\"ngg-album-gallery-image-counter\"><strong>28<\/strong>&nbsp;Fotky<\/p>\n\t\t\t\t\t\t\t<\/div>\n\t\t<\/div>\n\t<\/div>\n\n \t\n\t<div class=\"ngg-album\">\n\t\t<div class=\"ngg-albumtitle\"><a href=\"http:\/\/www.mcmotylek.cz\/index.php\/nggallery\/2011-2\/2011-04-20-vytvarka-velikonocni-vence-2?page_id=1168\">2011-04-20 v\u00fdtvarka - velikono\u010dn\u00ed v\u011bnce<\/a><\/div>\n\t\t\t<div class=\"ngg-albumcontent\">\n\t\t\t\t<div class=\"ngg-thumbnail\">\n\t\t\t\t\t<a href=\"http:\/\/www.mcmotylek.cz\/index.php\/nggallery\/2011-2\/2011-04-20-vytvarka-velikonocni-vence-2?page_id=1168\"><img class=\"Thumb\" alt=\"2011-04-20 v\u00fdtvarka - velikono\u010dn\u00ed v\u011bnce\" src=\"http:\/\/www.mcmotylek.cz\/wp-content\/gallery\/2011-04-20-vytvarka-velikonocni-vence\/cache\/image010.jpg-nggid03903-ngg0dyn-240x160x100-00f0w010c011r110f110r010t010.jpg\"\/><\/a>\n\t\t\t\t<\/div>\n\t\t\t\t<div class=\"ngg-description\">\n\t\t\t\t<p>V r\u00e1mci v\u00fdtvarn\u00e9 d\u00edlny jsme p\u0159ed velikonoci vyr\u00e1b\u011bli kr\u00e1sn\u00e9 v\u011bne\u010dky na dve\u0159e.<\/p>\n\t\t\t\t\t\t\t\t<p class=\"ngg-album-gallery-image-counter\"><strong>10<\/strong>&nbsp;Fotky<\/p>\n\t\t\t\t\t\t\t<\/div>\n\t\t<\/div>\n\t<\/div>\n\n \t\n\t<div class=\"ngg-album\">\n\t\t<div class=\"ngg-albumtitle\"><a href=\"http:\/\/www.mcmotylek.cz\/index.php\/nggallery\/2011-2\/2011-04-15-cista-reka-sazava?page_id=1168\">2011-04-15 \u010cist\u00e1 \u0159eka S\u00e1zava<\/a><\/div>\n\t\t\t<div class=\"ngg-albumcontent\">\n\t\t\t\t<div class=\"ngg-thumbnail\">\n\t\t\t\t\t<a href=\"http:\/\/www.mcmotylek.cz\/index.php\/nggallery\/2011-2\/2011-04-15-cista-reka-sazava?page_id=1168\"><img class=\"Thumb\" alt=\"2011-04-15 \u010cist\u00e1 \u0159eka S\u00e1zava\" src=\"http:\/\/www.mcmotylek.cz\/wp-content\/gallery\/2011-04-15-cista-reka-sazava\/cache\/image002.jpg-nggid03737-ngg0dyn-240x160x100-00f0w010c011r110f110r010t010.jpg\"\/><\/a>\n\t\t\t\t<\/div>\n\t\t\t\t<div class=\"ngg-description\">\n\t\t\t\t<p>Dne 15.4.2011  v 15 hodin se v N\u00e1kl\u00ed v T\u00fdnci nad S\u00e1zavou se\u0161lo 9 rodin z MC Mot\u00fdlek, aby vy\u010distilo z\u00e1to\u010dinu v N\u00e1kl\u00ed a prav\u00fd b\u0159eh S\u00e1zavy u parkovi\u0161t\u011b p\u0159ed M\u00da a\u017e pod budovu Lidlu. \r\nAkce se z\u00fa\u010dastnilo 12 dosp\u011bl\u00fdch, z toho 3 tat\u00ednci, 1 d\u011bde\u010dek a 8 maminek, s 15 d\u011btmi ve v\u011bku 1,5 roku a\u017e 7 let. \r\n<\/p>\n\t\t\t\t\t\t\t\t<p class=\"ngg-album-gallery-image-counter\"><strong>32<\/strong>&nbsp;Fotky<\/p>\n\t\t\t\t\t\t\t<\/div>\n\t\t<\/div>\n\t<\/div>\n\n \t\n\t<div class=\"ngg-album\">\n\t\t<div class=\"ngg-albumtitle\"><a href=\"http:\/\/www.mcmotylek.cz\/index.php\/nggallery\/2011-2\/2011-04-13-koralkovani?page_id=1168\">2011-04-13 kor\u00e1lkov\u00e1n\u00ed<\/a><\/div>\n\t\t\t<div class=\"ngg-albumcontent\">\n\t\t\t\t<div class=\"ngg-thumbnail\">\n\t\t\t\t\t<a href=\"http:\/\/www.mcmotylek.cz\/index.php\/nggallery\/2011-2\/2011-04-13-koralkovani?page_id=1168\"><img class=\"Thumb\" alt=\"2011-04-13 kor\u00e1lkov\u00e1n\u00ed\" src=\"http:\/\/www.mcmotylek.cz\/wp-content\/gallery\/2011-04-13-koralkovani\/cache\/image001.jpg-nggid03814-ngg0dyn-240x160x100-00f0w010c011r110f110r010t010.jpg\"\/><\/a>\n\t\t\t\t<\/div>\n\t\t\t\t<div class=\"ngg-description\">\n\t\t\t\t<p>D\u011btsk\u00fd program, kde si mohly d\u011bti vyzkou\u0161et v\u00fdrobu n\u00e1hrdeln\u00edk\u016f, nau\u0161nic, n\u00e1ramk\u016f z kr\u00e1sn\u00fdch kor\u00e1lk\u016f a komponent\u016f.<\/p>\n\t\t\t\t\t\t\t\t<p class=\"ngg-album-gallery-image-counter\"><strong>1<\/strong>&nbsp;Fotky<\/p>\n\t\t\t\t\t\t\t<\/div>\n\t\t<\/div>\n\t<\/div>\n\n \t\n\t<div class=\"ngg-album\">\n\t\t<div class=\"ngg-albumtitle\"><a href=\"http:\/\/www.mcmotylek.cz\/index.php\/nggallery\/2011-2\/2011-04-06-slunickovy-den-2?page_id=1168\">2011-04-06 Slun\u00ed\u010dkov\u00fd den<\/a><\/div>\n\t\t\t<div class=\"ngg-albumcontent\">\n\t\t\t\t<div class=\"ngg-thumbnail\">\n\t\t\t\t\t<a href=\"http:\/\/www.mcmotylek.cz\/index.php\/nggallery\/2011-2\/2011-04-06-slunickovy-den-2?page_id=1168\"><img class=\"Thumb\" alt=\"2011-04-06 Slun\u00ed\u010dkov\u00fd den\" src=\"http:\/\/www.mcmotylek.cz\/wp-content\/gallery\/2011-04-06-slunickovy-den\/cache\/image015.jpg-nggid03803-ngg0dyn-240x160x100-00f0w010c011r110f110r010t010.jpg\"\/><\/a>\n\t\t\t\t<\/div>\n\t\t\t\t<div class=\"ngg-description\">\n\t\t\t\t<p>V r\u00e1mci heren MC Mot\u00fdlek si mohly d\u011bti nakreslit slun\u00ed\u010dko a maminky pohovo\u0159it na t\u00e9ma podpory n\u00e1hradn\u00ed rodinn\u00e9 p\u00e9\u010de.<\/p>\n\t\t\t\t\t\t\t\t<p class=\"ngg-album-gallery-image-counter\"><strong>25<\/strong>&nbsp;Fotky<\/p>\n\t\t\t\t\t\t\t<\/div>\n\t\t<\/div>\n\t<\/div>\n\n \t\n\t<div class=\"ngg-album\">\n\t\t<div class=\"ngg-albumtitle\"><a href=\"http:\/\/www.mcmotylek.cz\/index.php\/nggallery\/2011-2\/2011-03-19-bazarek?page_id=1168\">2011-03-19 baz\u00e1rek<\/a><\/div>\n\t\t\t<div class=\"ngg-albumcontent\">\n\t\t\t\t<div class=\"ngg-thumbnail\">\n\t\t\t\t\t<a href=\"http:\/\/www.mcmotylek.cz\/index.php\/nggallery\/2011-2\/2011-03-19-bazarek?page_id=1168\"><img class=\"Thumb\" alt=\"2011-03-19 baz\u00e1rek\" src=\"http:\/\/www.mcmotylek.cz\/wp-content\/gallery\/2011-03-19-bazarek\/cache\/image015.jpg-nggid03788-ngg0dyn-240x160x100-00f0w010c011r110f110r010t010.jpg\"\/><\/a>\n\t\t\t\t<\/div>\n\t\t\t\t<div class=\"ngg-description\">\n\t\t\t\t<p><\/p>\n\t\t\t\t\t\t\t\t<p class=\"ngg-album-gallery-image-counter\"><strong>15<\/strong>&nbsp;Fotky<\/p>\n\t\t\t\t\t\t\t<\/div>\n\t\t<\/div>\n\t<\/div>\n\n \t\n\t<div class=\"ngg-album\">\n\t\t<div class=\"ngg-albumtitle\"><a href=\"http:\/\/www.mcmotylek.cz\/index.php\/nggallery\/2011-2\/2011-02-24-hrave-cvicenicko?page_id=1168\">2011-02-24 Hrav\u00e9 cvi\u010den\u00ed\u010dko<\/a><\/div>\n\t\t\t<div class=\"ngg-albumcontent\">\n\t\t\t\t<div class=\"ngg-thumbnail\">\n\t\t\t\t\t<a href=\"http:\/\/www.mcmotylek.cz\/index.php\/nggallery\/2011-2\/2011-02-24-hrave-cvicenicko?page_id=1168\"><img class=\"Thumb\" alt=\"2011-02-24 Hrav\u00e9 cvi\u010den\u00ed\u010dko\" src=\"http:\/\/www.mcmotylek.cz\/wp-content\/gallery\/110224-hrave-cvicenicko\/cache\/image035.jpg-nggid03108-ngg0dyn-240x160x100-00f0w010c011r110f110r010t010.jpg\"\/><\/a>\n\t\t\t\t<\/div>\n\t\t\t\t<div class=\"ngg-description\">\n\t\t\t\t<p>S Katkou Havl\u00ed\u010dkovou si m\u016f\u017eete p\u0159ij\u00edt zacvi\u010dit ka\u017ed\u00fd \u010dtvrtek<\/p>\n\t\t\t\t\t\t\t\t<p class=\"ngg-album-gallery-image-counter\"><strong>34<\/strong>&nbsp;Fotky<\/p>\n\t\t\t\t\t\t\t<\/div>\n\t\t<\/div>\n\t<\/div>\n\n \t\n\t<div class=\"ngg-album\">\n\t\t<div class=\"ngg-albumtitle\"><a href=\"http:\/\/www.mcmotylek.cz\/index.php\/nggallery\/2011-2\/2011-02-23-pisnickovy-porad-v-montessori-centru?page_id=1168\">2011-02-23 P\u00edsni\u010dkov\u00fd po\u0159ad v Montessori centru<\/a><\/div>\n\t\t\t<div class=\"ngg-albumcontent\">\n\t\t\t\t<div class=\"ngg-thumbnail\">\n\t\t\t\t\t<a href=\"http:\/\/www.mcmotylek.cz\/index.php\/nggallery\/2011-2\/2011-02-23-pisnickovy-porad-v-montessori-centru?page_id=1168\"><img class=\"Thumb\" alt=\"2011-02-23 P\u00edsni\u010dkov\u00fd po\u0159ad v Montessori centru\" src=\"http:\/\/www.mcmotylek.cz\/wp-content\/gallery\/110223-pisnickovy-porad-v-montessori-centru\/cache\/image038.jpg-nggid03146-ngg0dyn-240x160x100-00f0w010c011r110f110r010t010.jpg\"\/><\/a>\n\t\t\t\t<\/div>\n\t\t\t\t<div class=\"ngg-description\">\n\t\t\t\t<p>Druh\u00fd p\u00edsni\u010dkov\u00fd po\u0159ad s pan\u00ed Hamajdovou prob\u011bhl 23.2.2011. Tentokr\u00e1t d\u011bti zaujala poh\u00e1dka o \u010darod\u011bjnici Mal\u010de<\/p>\n\t\t\t\t\t\t\t\t<p class=\"ngg-album-gallery-image-counter\"><strong>38<\/strong>&nbsp;Fotky<\/p>\n\t\t\t\t\t\t\t<\/div>\n\t\t<\/div>\n\t<\/div>\n\n \t\n\t<div class=\"ngg-album\">\n\t\t<div class=\"ngg-albumtitle\"><a href=\"http:\/\/www.mcmotylek.cz\/index.php\/nggallery\/2011-2\/2011-02-21-divadylko-prvni-setkani?page_id=1168\">2011-02-21 Divad\u00fdlko - prvn\u00ed setk\u00e1n\u00ed<\/a><\/div>\n\t\t\t<div class=\"ngg-albumcontent\">\n\t\t\t\t<div class=\"ngg-thumbnail\">\n\t\t\t\t\t<a href=\"http:\/\/www.mcmotylek.cz\/index.php\/nggallery\/2011-2\/2011-02-21-divadylko-prvni-setkani?page_id=1168\"><img class=\"Thumb\" alt=\"2011-02-21 Divad\u00fdlko - prvn\u00ed setk\u00e1n\u00ed\" src=\"http:\/\/www.mcmotylek.cz\/wp-content\/gallery\/110221-dramatak-o-repe\/cache\/image036.jpg-nggid0274-ngg0dyn-240x160x100-00f0w010c011r110f110r010t010.jpg\"\/><\/a>\n\t\t\t\t<\/div>\n\t\t\t\t<div class=\"ngg-description\">\n\t\t\t\t<p>Poh\u00e1dka O \u0159ep\u011b<\/p>\n\t\t\t\t\t\t\t\t<p class=\"ngg-album-gallery-image-counter\"><strong>36<\/strong>&nbsp;Fotky<\/p>\n\t\t\t\t\t\t\t<\/div>\n\t\t<\/div>\n\t<\/div>\n\n \t\n\t<div class=\"ngg-album\">\n\t\t<div class=\"ngg-albumtitle\"><a href=\"http:\/\/www.mcmotylek.cz\/index.php\/nggallery\/2011-2\/2011-02-17-hrave-cviceni?page_id=1168\">2011-02-17 hrav\u00e9 cvi\u010den\u00ed<\/a><\/div>\n\t\t\t<div class=\"ngg-albumcontent\">\n\t\t\t\t<div class=\"ngg-thumbnail\">\n\t\t\t\t\t<a href=\"http:\/\/www.mcmotylek.cz\/index.php\/nggallery\/2011-2\/2011-02-17-hrave-cviceni?page_id=1168\"><img class=\"Thumb\" alt=\"2011-02-17 hrav\u00e9 cvi\u010den\u00ed\" src=\"http:\/\/www.mcmotylek.cz\/wp-content\/gallery\/110217_hrave_cviceni\/cache\/p1010454.jpg-nggid0238-ngg0dyn-240x160x100-00f0w010c011r110f110r010t010.jpg\"\/><\/a>\n\t\t\t\t<\/div>\n\t\t\t\t<div class=\"ngg-description\">\n\t\t\t\t<p><\/p>\n\t\t\t\t\t\t\t\t<p class=\"ngg-album-gallery-image-counter\"><strong>10<\/strong>&nbsp;Fotky<\/p>\n\t\t\t\t\t\t\t<\/div>\n\t\t<\/div>\n\t<\/div>\n\n \t\n\t<div class=\"ngg-album\">\n\t\t<div class=\"ngg-albumtitle\"><a href=\"http:\/\/www.mcmotylek.cz\/index.php\/nggallery\/2011-2\/2011-02-11-zpivanky-2?page_id=1168\">2011-02-11 zpivanky<\/a><\/div>\n\t\t\t<div class=\"ngg-albumcontent\">\n\t\t\t\t<div class=\"ngg-thumbnail\">\n\t\t\t\t\t<a href=\"http:\/\/www.mcmotylek.cz\/index.php\/nggallery\/2011-2\/2011-02-11-zpivanky-2?page_id=1168\"><img class=\"Thumb\" alt=\"2011-02-11 zpivanky\" src=\"http:\/\/www.mcmotylek.cz\/wp-content\/gallery\/110211_zpivanky\/cache\/p1010418.jpg-nggid0218-ngg0dyn-240x160x100-00f0w010c011r110f110r010t010.jpg\"\/><\/a>\n\t\t\t\t<\/div>\n\t\t\t\t<div class=\"ngg-description\">\n\t\t\t\t<p><\/p>\n\t\t\t\t\t\t\t\t<p class=\"ngg-album-gallery-image-counter\"><strong>18<\/strong>&nbsp;Fotky<\/p>\n\t\t\t\t\t\t\t<\/div>\n\t\t<\/div>\n\t<\/div>\n\n \t\n\t<div class=\"ngg-album\">\n\t\t<div class=\"ngg-albumtitle\"><a href=\"http:\/\/www.mcmotylek.cz\/index.php\/nggallery\/2011-2\/2011-01-30-vyroba-masek-sikulove?page_id=1168\">2011-01-30 V\u00fdroba masek-\u0160ikulov\u00e9<\/a><\/div>\n\t\t\t<div class=\"ngg-albumcontent\">\n\t\t\t\t<div class=\"ngg-thumbnail\">\n\t\t\t\t\t<a href=\"http:\/\/www.mcmotylek.cz\/index.php\/nggallery\/2011-2\/2011-01-30-vyroba-masek-sikulove?page_id=1168\"><img class=\"Thumb\" alt=\"2011-01-30 V\u00fdroba masek-\u0160ikulov\u00e9\" src=\"http:\/\/www.mcmotylek.cz\/wp-content\/gallery\/vyroba-masek-sikulove\/cache\/p1010432.jpg-nggid018-ngg0dyn-240x160x100-00f0w010c011r110f110r010t010.jpg\"\/><\/a>\n\t\t\t\t<\/div>\n\t\t\t\t<div class=\"ngg-description\">\n\t\t\t\t<p><\/p>\n\t\t\t\t\t\t\t\t<p class=\"ngg-album-gallery-image-counter\"><strong>5<\/strong>&nbsp;Fotky<\/p>\n\t\t\t\t\t\t\t<\/div>\n\t\t<\/div>\n\t<\/div>\n\n \t\n\t<div class=\"ngg-album\">\n\t\t<div class=\"ngg-albumtitle\"><a href=\"http:\/\/www.mcmotylek.cz\/index.php\/nggallery\/2011-2\/foto-soutez-finale?page_id=1168\">foto sout\u011b\u017e-fin\u00e1le<\/a><\/div>\n\t\t\t<div class=\"ngg-albumcontent\">\n\t\t\t\t<div class=\"ngg-thumbnail\">\n\t\t\t\t\t<a href=\"http:\/\/www.mcmotylek.cz\/index.php\/nggallery\/2011-2\/foto-soutez-finale?page_id=1168\"><img class=\"Thumb\" alt=\"foto sout\u011b\u017e-fin\u00e1le\" src=\"http:\/\/www.mcmotylek.cz\/wp-content\/gallery\/foto-soutez-finale\/cache\/simona_komorni.jpg-nggid03915-ngg0dyn-240x160x100-00f0w010c011r110f110r010t010.jpg\"\/><\/a>\n\t\t\t\t<\/div>\n\t\t\t\t<div class=\"ngg-description\">\n\t\t\t\t<p>V\u00fdb\u011br v\u00edt\u011bzn\u00e9 nejzaj\u00edmav\u011bj\u0161\u00ed fotografie. V\u00edt\u011bzn\u00e1 fotografie vybran\u00e1 ve 4.anket\u011b fotosout\u011b\u017ee vyhr\u00e1v\u00e1 d\u00e1rkov\u00fd poukaz od sponzora akce.<\/p>\n\t\t\t\t\t\t\t\t<p class=\"ngg-album-gallery-image-counter\"><strong>6<\/strong>&nbsp;Fotky<\/p>\n\t\t\t\t\t\t\t<\/div>\n\t\t<\/div>\n\t<\/div>\n\n \t\n\t<div class=\"ngg-album\">\n\t\t<div class=\"ngg-albumtitle\"><a href=\"http:\/\/www.mcmotylek.cz\/index.php\/nggallery\/2011-2\/vytvarna-soutez-finale?page_id=1168\">V\u00fdtvarn\u00e1 sout\u011b\u017e-fin\u00e1le<\/a><\/div>\n\t\t\t<div class=\"ngg-albumcontent\">\n\t\t\t\t<div class=\"ngg-thumbnail\">\n\t\t\t\t\t<a href=\"http:\/\/www.mcmotylek.cz\/index.php\/nggallery\/2011-2\/vytvarna-soutez-finale?page_id=1168\"><img class=\"Thumb\" alt=\"V\u00fdtvarn\u00e1 sout\u011b\u017e-fin\u00e1le\" src=\"http:\/\/www.mcmotylek.cz\/wp-content\/gallery\/vytvarna-soutez-finale\/cache\/natalka-komiks.jpg-nggid03952-ngg0dyn-240x160x100-00f0w010c011r110f110r010t010.jpg\"\/><\/a>\n\t\t\t\t<\/div>\n\t\t\t\t<div class=\"ngg-description\">\n\t\t\t\t<p>V\u00fdb\u011br v\u00edt\u011bzn\u00e9ho nejkr\u00e1sn\u011bj\u0161\u00edho obr\u00e1zku. V\u00edt\u011bzn\u00fd obr\u00e1zek vybran\u00fd ve 3.(fin\u00e1lov\u00e9) anket\u011b v\u00fdtvarn\u00e9 sout\u011b\u017ee vyhr\u00e1v\u00e1 d\u00e1rkov\u00fd poukaz od sponzora akce. <\/p>\n\t\t\t\t\t\t\t\t<p class=\"ngg-album-gallery-image-counter\"><strong>4<\/strong>&nbsp;Fotky<\/p>\n\t\t\t\t\t\t\t<\/div>\n\t\t<\/div>\n\t<\/div>\n\n \t\n\t<div class=\"ngg-album\">\n\t\t<div class=\"ngg-albumtitle\"><a href=\"http:\/\/www.mcmotylek.cz\/index.php\/nggallery\/2011-2\/foto-soutez-3?page_id=1168\">foto sout\u011b\u017e-3<\/a><\/div>\n\t\t\t<div class=\"ngg-albumcontent\">\n\t\t\t\t<div class=\"ngg-thumbnail\">\n\t\t\t\t\t<a href=\"http:\/\/www.mcmotylek.cz\/index.php\/nggallery\/2011-2\/foto-soutez-3?page_id=1168\"><img class=\"Thumb\" alt=\"foto sout\u011b\u017e-3\" src=\"http:\/\/www.mcmotylek.cz\/wp-content\/gallery\/foto-soutez-3\/cache\/matyas.jpg-nggid03731-ngg0dyn-240x160x100-00f0w010c011r110f110r010t010.jpg\"\/><\/a>\n\t\t\t\t<\/div>\n\t\t\t\t<div class=\"ngg-description\">\n\t\t\t\t<p>Fotografie pro 3. anketu sout\u011b\u017ee o nejzaj\u00edmav\u011bj\u0161\u00ed fotografii d\u00edt\u011bte. <\/p>\n\t\t\t\t\t\t\t\t<p class=\"ngg-album-gallery-image-counter\"><strong>9<\/strong>&nbsp;Fotky<\/p>\n\t\t\t\t\t\t\t<\/div>\n\t\t<\/div>\n\t<\/div>\n\n \t\n\t<div class=\"ngg-album\">\n\t\t<div class=\"ngg-albumtitle\"><a href=\"http:\/\/www.mcmotylek.cz\/index.php\/nggallery\/2011-2\/foto-soutez-2-2?page_id=1168\">foto sout\u011b\u017e-2<\/a><\/div>\n\t\t\t<div class=\"ngg-albumcontent\">\n\t\t\t\t<div class=\"ngg-thumbnail\">\n\t\t\t\t\t<a href=\"http:\/\/www.mcmotylek.cz\/index.php\/nggallery\/2011-2\/foto-soutez-2-2?page_id=1168\"><img class=\"Thumb\" alt=\"foto sout\u011b\u017e-2\" src=\"http:\/\/www.mcmotylek.cz\/wp-content\/gallery\/foto-soutez-2\/cache\/kristiana.jpg-nggid03169-ngg0dyn-240x160x100-00f0w010c011r110f110r010t010.jpg\"\/><\/a>\n\t\t\t\t<\/div>\n\t\t\t\t<div class=\"ngg-description\">\n\t\t\t\t<p>Fotografie pro druhou anketu sout\u011b\u017ee o nejzaj\u00edmav\u011bj\u0161\u00ed fotografii d\u00edt\u011bte. <\/p>\n\t\t\t\t\t\t\t\t<p class=\"ngg-album-gallery-image-counter\"><strong>9<\/strong>&nbsp;Fotky<\/p>\n\t\t\t\t\t\t\t<\/div>\n\t\t<\/div>\n\t<\/div>\n\n \t\n\t<div class=\"ngg-album\">\n\t\t<div class=\"ngg-albumtitle\"><a href=\"http:\/\/www.mcmotylek.cz\/index.php\/nggallery\/2011-2\/vytvarna-soutez-2?page_id=1168\">v\u00fdtvarn\u00e1 sout\u011b\u017e-2<\/a><\/div>\n\t\t\t<div class=\"ngg-albumcontent\">\n\t\t\t\t<div class=\"ngg-thumbnail\">\n\t\t\t\t\t<a href=\"http:\/\/www.mcmotylek.cz\/index.php\/nggallery\/2011-2\/vytvarna-soutez-2?page_id=1168\"><img class=\"Thumb\" alt=\"v\u00fdtvarn\u00e1 sout\u011b\u017e-2\" src=\"http:\/\/www.mcmotylek.cz\/wp-content\/gallery\/vytvarna-soutez-2\/cache\/marek.jpg-nggid03173-ngg0dyn-240x160x100-00f0w010c011r110f110r010t010.jpg\"\/><\/a>\n\t\t\t\t<\/div>\n\t\t\t\t<div class=\"ngg-description\">\n\t\t\t\t<p>Obr\u00e1zky pro 2.anketu v\u00fdtvarn\u00e9 sout\u011b\u017ee. <\/p>\n\t\t\t\t\t\t\t\t<p class=\"ngg-album-gallery-image-counter\"><strong>10<\/strong>&nbsp;Fotky<\/p>\n\t\t\t\t\t\t\t<\/div>\n\t\t<\/div>\n\t<\/div>\n\n \t \t\n\t<!-- Pagination -->\n \t<div class='ngg-clear'><\/div> \t\n<\/div>\n\n\n","protected":false},"excerpt":{"rendered":"","protected":false},"author":33,"featured_media":0,"parent":50,"menu_order":3,"comment_status":"open","ping_status":"open","template":"","meta":{"ngg_post_thumbnail":0,"_mc_calendar":[]},"post_mailing_queue_ids":[],"_links":{"self":[{"href":"http:\/\/www.mcmotylek.cz\/index.php?rest_route=\/wp\/v2\/pages\/1168"}],"collection":[{"href":"http:\/\/www.mcmotylek.cz\/index.php?rest_route=\/wp\/v2\/pages"}],"about":[{"href":"http:\/\/www.mcmotylek.cz\/index.php?rest_route=\/wp\/v2\/types\/page"}],"author":[{"embeddable":true,"href":"http:\/\/www.mcmotylek.cz\/index.php?rest_route=\/wp\/v2\/users\/33"}],"replies":[{"embeddable":true,"href":"http:\/\/www.mcmotylek.cz\/index.php?rest_route=%2Fwp%2Fv2%2Fcomments&post=1168"}],"version-history":[{"count":3,"href":"http:\/\/www.mcmotylek.cz\/index.php?rest_route=\/wp\/v2\/pages\/1168\/revisions"}],"predecessor-version":[{"id":1867,"href":"http:\/\/www.mcmotylek.cz\/index.php?rest_route=\/wp\/v2\/pages\/1168\/revisions\/1867"}],"up":[{"embeddable":true,"href":"http:\/\/www.mcmotylek.cz\/index.php?rest_route=\/wp\/v2\/pages\/50"}],"wp:attachment":[{"href":"http:\/\/www.mcmotylek.cz\/index.php?rest_route=%2Fwp%2Fv2%2Fmedia&parent=1168"}],"curies":[{"name":"wp","href":"https:\/\/api.w.org\/{rel}","templated":true}]}}